{"id":31655,"date":"2024-04-29T15:12:26","date_gmt":"2024-04-29T13:12:26","guid":{"rendered":"https:\/\/www.hive5.be\/?post_type=kb&#038;p=31655"},"modified":"2024-04-29T15:12:28","modified_gmt":"2024-04-29T13:12:28","slug":"les-locaux-de-hive5-sont-ils-equipes-pour-les-personnes-a-mobilite-reduite","status":"publish","type":"kb","link":"https:\/\/www.hive5.be\/nl\/faq-article\/les-locaux-de-hive5-sont-ils-equipes-pour-les-personnes-a-mobilite-reduite\/","title":{"rendered":"Les locaux de Hive5 sont-ils \u00e9quip\u00e9s pour les personnes \u00e0 mobilit\u00e9 r\u00e9duite ?"},"content":{"rendered":"\n<p>Chez Hive5, nous nous engageons \u00e0 offrir un environnement inclusif et accessible \u00e0 tous nos membres, y compris ceux ayant des besoins en mati\u00e8re d&#8217;accessibilit\u00e9. Nos locaux sont \u00e9quip\u00e9s pour garantir l&#8217;accessibilit\u00e9 des personnes \u00e0 mobilit\u00e9 r\u00e9duite, avec des installations sp\u00e9cialement con\u00e7ues dans cet objectif.<\/p>\n\n\n\n<p>Nos locaux sont dot\u00e9s d&#8217;ascenseurs permettant un acc\u00e8s facile \u00e0 tous les \u00e9tages, garantissant ainsi que nos espaces de travail sont accessibles \u00e0 tous, quel que soit leur niveau de mobilit\u00e9. De plus, nos installations sont con\u00e7ues pour r\u00e9pondre aux normes d&#8217;accessibilit\u00e9 les plus \u00e9lev\u00e9es, assurant ainsi que tous nos membres puissent profiter pleinement de nos services et installations.<\/p>\n\n\n\n<p>Chez Hive5, nous croyons en l&#8217;importance de cr\u00e9er un environnement o\u00f9 chacun se sent le bienvenu et inclus, et nous nous effor\u00e7ons de fournir des installations qui r\u00e9pondent aux besoins de tous nos membres, y compris ceux ayant des besoins en mati\u00e8re d&#8217;accessibilit\u00e9.<\/p>\n","protected":false},"excerpt":{"rendered":"<p>Chez Hive5, nous nous engageons \u00e0 offrir un environnement inclusif et accessible \u00e0 tous nos membres, y compris ceux ayant des besoins en mati\u00e8re d&#8217;accessibilit\u00e9. [&hellip;]<\/p>\n","protected":false},"author":5,"featured_media":0,"comment_status":"closed","ping_status":"closed","template":"","meta":{"_uag_custom_page_level_css":"","site-sidebar-layout":"default","site-content-layout":"","ast-site-content-layout":"default","site-content-style":"default","site-sidebar-style":"default","ast-global-header-display":"","ast-banner-title-visibility":"","ast-main-header-display":"","ast-hfb-above-header-display":"","ast-hfb-below-header-display":"","ast-hfb-mobile-header-display":"","site-post-title":"","ast-breadcrumbs-content":"","ast-featured-img":"","footer-sml-layout":"","ast-disable-related-posts":"","theme-transparent-header-meta":"","adv-header-id-meta":"","stick-header-meta":"","header-above-stick-meta":"","header-main-stick-meta":"","header-below-stick-meta":"","astra-migrate-meta-layouts":"set","ast-page-background-enabled":"default","ast-page-background-meta":{"desktop":{"background-color":"","background-image":"","background-repeat":"repeat","background-position":"center center","background-size":"auto","background-attachment":"scroll","background-type":"","background-media":"","overlay-type":"","overlay-color":"","overlay-opacity":"","overlay-gradient":""},"tablet":{"background-color":"","background-image":"","background-repeat":"repeat","background-position":"center center","background-size":"auto","background-attachment":"scroll","background-type":"","background-media":"","overlay-type":"","overlay-color":"","overlay-opacity":"","overlay-gradient":""},"mobile":{"background-color":"","background-image":"","background-repeat":"repeat","background-position":"center center","background-size":"auto","background-attachment":"scroll","background-type":"","background-media":"","overlay-type":"","overlay-color":"","overlay-opacity":"","overlay-gradient":""}},"ast-content-background-meta":{"desktop":{"background-color":"var(--ast-global-color-5)","background-image":"","background-repeat":"repeat","background-position":"center center","background-size":"auto","background-attachment":"scroll","background-type":"","background-media":"","overlay-type":"","overlay-color":"","overlay-opacity":"","overlay-gradient":""},"tablet":{"background-color":"var(--ast-global-color-5)","background-image":"","background-repeat":"repeat","background-position":"center center","background-size":"auto","background-attachment":"scroll","background-type":"","background-media":"","overlay-type":"","overlay-color":"","overlay-opacity":"","overlay-gradient":""},"mobile":{"background-color":"var(--ast-global-color-5)","background-image":"","background-repeat":"repeat","background-position":"center center","background-size":"auto","background-attachment":"scroll","background-type":"","background-media":"","overlay-type":"","overlay-color":"","overlay-opacity":"","overlay-gradient":""}},"footnotes":""},"kbtopic":[89],"kbtag":[],"class_list":["post-31655","kb","type-kb","status-publish","hentry","kbtopic-accessibilite-localisation-et-amenagements"],"yoast_head":"<!-- This site is optimized with the Yoast SEO plugin v27.3 - https:\/\/yoast.com\/product\/yoast-seo-wordpress\/ -->\n<title>Les locaux de Hive5 sont-ils \u00e9quip\u00e9s pour les personnes \u00e0 mobilit\u00e9 r\u00e9duite ? - Hive5<\/title>\n<meta name=\"description\" content=\"D\u00e9couvrez l&#039;accessibilit\u00e9 des locaux Hive5 pour les personnes \u00e0 mobilit\u00e9 r\u00e9duite. Des installations con\u00e7ues pour garantir l&#039;inclusivit\u00e9 de tous les membres, avec des ascenseurs disponibles\" \/>\n<meta name=\"robots\" content=\"index, follow, max-snippet:-1, max-image-preview:large, max-video-preview:-1\" \/>\n<link rel=\"canonical\" href=\"https:\/\/www.hive5.be\/nl\/faq-article\/les-locaux-de-hive5-sont-ils-equipes-pour-les-personnes-a-mobilite-reduite\/\" \/>\n<meta property=\"og:locale\" content=\"nl_NL\" \/>\n<meta property=\"og:type\" content=\"article\" \/>\n<meta property=\"og:title\" content=\"Les locaux de Hive5 sont-ils \u00e9quip\u00e9s pour les personnes \u00e0 mobilit\u00e9 r\u00e9duite ? - Hive5\" \/>\n<meta property=\"og:description\" content=\"D\u00e9couvrez l&#039;accessibilit\u00e9 des locaux Hive5 pour les personnes \u00e0 mobilit\u00e9 r\u00e9duite. Des installations con\u00e7ues pour garantir l&#039;inclusivit\u00e9 de tous les membres, avec des ascenseurs disponibles\" \/>\n<meta property=\"og:url\" content=\"https:\/\/www.hive5.be\/nl\/faq-article\/les-locaux-de-hive5-sont-ils-equipes-pour-les-personnes-a-mobilite-reduite\/\" \/>\n<meta property=\"og:site_name\" content=\"Hive5\" \/>\n<meta property=\"article:publisher\" content=\"https:\/\/www.facebook.com\/Hive5coworking\/\" \/>\n<meta property=\"article:modified_time\" content=\"2024-04-29T13:12:28+00:00\" \/>\n<meta name=\"twitter:card\" content=\"summary_large_image\" \/>\n<meta name=\"twitter:label1\" content=\"Geschatte leestijd\" \/>\n\t<meta name=\"twitter:data1\" content=\"1 minuut\" \/>\n<script type=\"application\/ld+json\" class=\"yoast-schema-graph\">{\"@context\":\"https:\\\/\\\/schema.org\",\"@graph\":[{\"@type\":\"WebPage\",\"@id\":\"https:\\\/\\\/www.hive5.be\\\/nl\\\/faq-article\\\/les-locaux-de-hive5-sont-ils-equipes-pour-les-personnes-a-mobilite-reduite\\\/\",\"url\":\"https:\\\/\\\/www.hive5.be\\\/nl\\\/faq-article\\\/les-locaux-de-hive5-sont-ils-equipes-pour-les-personnes-a-mobilite-reduite\\\/\",\"name\":\"Les locaux de Hive5 sont-ils \u00e9quip\u00e9s pour les personnes \u00e0 mobilit\u00e9 r\u00e9duite ? - Hive5\",\"isPartOf\":{\"@id\":\"https:\\\/\\\/www.hive5.be\\\/nl\\\/#website\"},\"datePublished\":\"2024-04-29T13:12:26+00:00\",\"dateModified\":\"2024-04-29T13:12:28+00:00\",\"description\":\"D\u00e9couvrez l'accessibilit\u00e9 des locaux Hive5 pour les personnes \u00e0 mobilit\u00e9 r\u00e9duite. Des installations con\u00e7ues pour garantir l'inclusivit\u00e9 de tous les membres, avec des ascenseurs disponibles\",\"breadcrumb\":{\"@id\":\"https:\\\/\\\/www.hive5.be\\\/nl\\\/faq-article\\\/les-locaux-de-hive5-sont-ils-equipes-pour-les-personnes-a-mobilite-reduite\\\/#breadcrumb\"},\"inLanguage\":\"nl-NL\",\"potentialAction\":[{\"@type\":\"ReadAction\",\"target\":[\"https:\\\/\\\/www.hive5.be\\\/nl\\\/faq-article\\\/les-locaux-de-hive5-sont-ils-equipes-pour-les-personnes-a-mobilite-reduite\\\/\"]}]},{\"@type\":\"BreadcrumbList\",\"@id\":\"https:\\\/\\\/www.hive5.be\\\/nl\\\/faq-article\\\/les-locaux-de-hive5-sont-ils-equipes-pour-les-personnes-a-mobilite-reduite\\\/#breadcrumb\",\"itemListElement\":[{\"@type\":\"ListItem\",\"position\":1,\"name\":\"Accueil\",\"item\":\"https:\\\/\\\/www.hive5.be\\\/nl\\\/\"},{\"@type\":\"ListItem\",\"position\":2,\"name\":\"KB Articles\",\"item\":\"https:\\\/\\\/www.hive5.be\\\/nl\\\/faq-article\\\/\"},{\"@type\":\"ListItem\",\"position\":3,\"name\":\"Les locaux de Hive5 sont-ils \u00e9quip\u00e9s pour les personnes \u00e0 mobilit\u00e9 r\u00e9duite ?\"}]},{\"@type\":\"WebSite\",\"@id\":\"https:\\\/\\\/www.hive5.be\\\/nl\\\/#website\",\"url\":\"https:\\\/\\\/www.hive5.be\\\/nl\\\/\",\"name\":\"Hive5\",\"description\":\"Hive5 development environment\",\"publisher\":{\"@id\":\"https:\\\/\\\/www.hive5.be\\\/nl\\\/#organization\"},\"potentialAction\":[{\"@type\":\"SearchAction\",\"target\":{\"@type\":\"EntryPoint\",\"urlTemplate\":\"https:\\\/\\\/www.hive5.be\\\/nl\\\/?s={search_term_string}\"},\"query-input\":{\"@type\":\"PropertyValueSpecification\",\"valueRequired\":true,\"valueName\":\"search_term_string\"}}],\"inLanguage\":\"nl-NL\"},{\"@type\":\"Organization\",\"@id\":\"https:\\\/\\\/www.hive5.be\\\/nl\\\/#organization\",\"name\":\"Hive5\",\"url\":\"https:\\\/\\\/www.hive5.be\\\/nl\\\/\",\"logo\":{\"@type\":\"ImageObject\",\"inLanguage\":\"nl-NL\",\"@id\":\"https:\\\/\\\/www.hive5.be\\\/nl\\\/#\\\/schema\\\/logo\\\/image\\\/\",\"url\":\"https:\\\/\\\/www.hive5.be\\\/wp-content\\\/uploads\\\/2020\\\/02\\\/hive5-coworking-brussels-hive-5-logo-succesfull.png\",\"contentUrl\":\"https:\\\/\\\/www.hive5.be\\\/wp-content\\\/uploads\\\/2020\\\/02\\\/hive5-coworking-brussels-hive-5-logo-succesfull.png\",\"width\":300,\"height\":102,\"caption\":\"Hive5\"},\"image\":{\"@id\":\"https:\\\/\\\/www.hive5.be\\\/nl\\\/#\\\/schema\\\/logo\\\/image\\\/\"},\"sameAs\":[\"https:\\\/\\\/www.facebook.com\\\/Hive5coworking\\\/\",\"https:\\\/\\\/www.instagram.com\\\/hive5coworking\\\/\",\"https:\\\/\\\/www.linkedin.com\\\/company\\\/hive5-coworking-brussels\\\/\"]}]}<\/script>\n<!-- \/ Yoast SEO plugin. -->","yoast_head_json":{"title":"Les locaux de Hive5 sont-ils \u00e9quip\u00e9s pour les personnes \u00e0 mobilit\u00e9 r\u00e9duite ? - Hive5","description":"D\u00e9couvrez l'accessibilit\u00e9 des locaux Hive5 pour les personnes \u00e0 mobilit\u00e9 r\u00e9duite. Des installations con\u00e7ues pour garantir l'inclusivit\u00e9 de tous les membres, avec des ascenseurs disponibles","robots":{"index":"index","follow":"follow","max-snippet":"max-snippet:-1","max-image-preview":"max-image-preview:large","max-video-preview":"max-video-preview:-1"},"canonical":"https:\/\/www.hive5.be\/nl\/faq-article\/les-locaux-de-hive5-sont-ils-equipes-pour-les-personnes-a-mobilite-reduite\/","og_locale":"nl_NL","og_type":"article","og_title":"Les locaux de Hive5 sont-ils \u00e9quip\u00e9s pour les personnes \u00e0 mobilit\u00e9 r\u00e9duite ? - Hive5","og_description":"D\u00e9couvrez l'accessibilit\u00e9 des locaux Hive5 pour les personnes \u00e0 mobilit\u00e9 r\u00e9duite. Des installations con\u00e7ues pour garantir l'inclusivit\u00e9 de tous les membres, avec des ascenseurs disponibles","og_url":"https:\/\/www.hive5.be\/nl\/faq-article\/les-locaux-de-hive5-sont-ils-equipes-pour-les-personnes-a-mobilite-reduite\/","og_site_name":"Hive5","article_publisher":"https:\/\/www.facebook.com\/Hive5coworking\/","article_modified_time":"2024-04-29T13:12:28+00:00","twitter_card":"summary_large_image","twitter_misc":{"Geschatte leestijd":"1 minuut"},"schema":{"@context":"https:\/\/schema.org","@graph":[{"@type":"WebPage","@id":"https:\/\/www.hive5.be\/nl\/faq-article\/les-locaux-de-hive5-sont-ils-equipes-pour-les-personnes-a-mobilite-reduite\/","url":"https:\/\/www.hive5.be\/nl\/faq-article\/les-locaux-de-hive5-sont-ils-equipes-pour-les-personnes-a-mobilite-reduite\/","name":"Les locaux de Hive5 sont-ils \u00e9quip\u00e9s pour les personnes \u00e0 mobilit\u00e9 r\u00e9duite ? - Hive5","isPartOf":{"@id":"https:\/\/www.hive5.be\/nl\/#website"},"datePublished":"2024-04-29T13:12:26+00:00","dateModified":"2024-04-29T13:12:28+00:00","description":"D\u00e9couvrez l'accessibilit\u00e9 des locaux Hive5 pour les personnes \u00e0 mobilit\u00e9 r\u00e9duite. Des installations con\u00e7ues pour garantir l'inclusivit\u00e9 de tous les membres, avec des ascenseurs disponibles","breadcrumb":{"@id":"https:\/\/www.hive5.be\/nl\/faq-article\/les-locaux-de-hive5-sont-ils-equipes-pour-les-personnes-a-mobilite-reduite\/#breadcrumb"},"inLanguage":"nl-NL","potentialAction":[{"@type":"ReadAction","target":["https:\/\/www.hive5.be\/nl\/faq-article\/les-locaux-de-hive5-sont-ils-equipes-pour-les-personnes-a-mobilite-reduite\/"]}]},{"@type":"BreadcrumbList","@id":"https:\/\/www.hive5.be\/nl\/faq-article\/les-locaux-de-hive5-sont-ils-equipes-pour-les-personnes-a-mobilite-reduite\/#breadcrumb","itemListElement":[{"@type":"ListItem","position":1,"name":"Accueil","item":"https:\/\/www.hive5.be\/nl\/"},{"@type":"ListItem","position":2,"name":"KB Articles","item":"https:\/\/www.hive5.be\/nl\/faq-article\/"},{"@type":"ListItem","position":3,"name":"Les locaux de Hive5 sont-ils \u00e9quip\u00e9s pour les personnes \u00e0 mobilit\u00e9 r\u00e9duite ?"}]},{"@type":"WebSite","@id":"https:\/\/www.hive5.be\/nl\/#website","url":"https:\/\/www.hive5.be\/nl\/","name":"Hive5","description":"Hive5 development environment","publisher":{"@id":"https:\/\/www.hive5.be\/nl\/#organization"},"potentialAction":[{"@type":"SearchAction","target":{"@type":"EntryPoint","urlTemplate":"https:\/\/www.hive5.be\/nl\/?s={search_term_string}"},"query-input":{"@type":"PropertyValueSpecification","valueRequired":true,"valueName":"search_term_string"}}],"inLanguage":"nl-NL"},{"@type":"Organization","@id":"https:\/\/www.hive5.be\/nl\/#organization","name":"Hive5","url":"https:\/\/www.hive5.be\/nl\/","logo":{"@type":"ImageObject","inLanguage":"nl-NL","@id":"https:\/\/www.hive5.be\/nl\/#\/schema\/logo\/image\/","url":"https:\/\/www.hive5.be\/wp-content\/uploads\/2020\/02\/hive5-coworking-brussels-hive-5-logo-succesfull.png","contentUrl":"https:\/\/www.hive5.be\/wp-content\/uploads\/2020\/02\/hive5-coworking-brussels-hive-5-logo-succesfull.png","width":300,"height":102,"caption":"Hive5"},"image":{"@id":"https:\/\/www.hive5.be\/nl\/#\/schema\/logo\/image\/"},"sameAs":["https:\/\/www.facebook.com\/Hive5coworking\/","https:\/\/www.instagram.com\/hive5coworking\/","https:\/\/www.linkedin.com\/company\/hive5-coworking-brussels\/"]}]}},"uagb_featured_image_src":{"full":false,"thumbnail":false,"medium":false,"medium_large":false,"large":false,"1536x1536":false,"2048x2048":false},"uagb_author_info":{"display_name":"Queen Bee","author_link":"https:\/\/www.hive5.be\/nl\/author\/queenbee\/"},"uagb_comment_info":0,"uagb_excerpt":"Chez Hive5, nous nous engageons \u00e0 offrir un environnement inclusif et accessible \u00e0 tous nos membres, y compris ceux ayant des besoins en mati\u00e8re d&#8217;accessibilit\u00e9. [&hellip;]","_links":{"self":[{"href":"https:\/\/www.hive5.be\/nl\/wp-json\/wp\/v2\/kb\/31655","targetHints":{"allow":["GET"]}}],"collection":[{"href":"https:\/\/www.hive5.be\/nl\/wp-json\/wp\/v2\/kb"}],"about":[{"href":"https:\/\/www.hive5.be\/nl\/wp-json\/wp\/v2\/types\/kb"}],"author":[{"embeddable":true,"href":"https:\/\/www.hive5.be\/nl\/wp-json\/wp\/v2\/users\/5"}],"replies":[{"embeddable":true,"href":"https:\/\/www.hive5.be\/nl\/wp-json\/wp\/v2\/comments?post=31655"}],"version-history":[{"count":1,"href":"https:\/\/www.hive5.be\/nl\/wp-json\/wp\/v2\/kb\/31655\/revisions"}],"predecessor-version":[{"id":31656,"href":"https:\/\/www.hive5.be\/nl\/wp-json\/wp\/v2\/kb\/31655\/revisions\/31656"}],"wp:attachment":[{"href":"https:\/\/www.hive5.be\/nl\/wp-json\/wp\/v2\/media?parent=31655"}],"wp:term":[{"taxonomy":"kbtopic","embeddable":true,"href":"https:\/\/www.hive5.be\/nl\/wp-json\/wp\/v2\/kbtopic?post=31655"},{"taxonomy":"kbtag","embeddable":true,"href":"https:\/\/www.hive5.be\/nl\/wp-json\/wp\/v2\/kbtag?post=31655"}],"curies":[{"name":"wp","href":"https:\/\/api.w.org\/{rel}","templated":true}]}}