{"id":31660,"date":"2024-04-30T11:05:38","date_gmt":"2024-04-30T09:05:38","guid":{"rendered":"https:\/\/www.hive5.be\/?post_type=kb&#038;p=31660"},"modified":"2024-04-30T11:05:41","modified_gmt":"2024-04-30T09:05:41","slug":"comment-hive5-sengage-t-il-envers-le-bien-etre-social","status":"publish","type":"kb","link":"https:\/\/www.hive5.be\/nl\/faq-article\/comment-hive5-sengage-t-il-envers-le-bien-etre-social\/","title":{"rendered":"comment hivE5 s&#8217;engage-t-il envers le bien-etre social ?"},"content":{"rendered":"\n<p>Chez Hive5, nous nous engageons fermement en faveur de la diversit\u00e9, de l&#8217;inclusion et du bien-\u00eatre social au sein de notre communaut\u00e9. Pour atteindre cet objectif, nous mettons en place diverses initiatives et activit\u00e9s.<\/p>\n\n\n\n<p>Tout d&#8217;abord, nous soutenons activement des projets locaux qui promeuvent la diversit\u00e9 et l&#8217;inclusion dans notre communaut\u00e9. Nous croyons en l&#8217;importance de soutenir les initiatives qui favorisent la diversit\u00e9 culturelle, l&#8217;\u00e9galit\u00e9 des chances et l&#8217;int\u00e9gration sociale.<\/p>\n\n\n\n<p>En outre, nous organisons r\u00e9guli\u00e8rement des \u00e9v\u00e9nements \u00e9ducatifs visant \u00e0 sensibiliser notre communaut\u00e9 \u00e0 ces enjeux. Ces \u00e9v\u00e9nements peuvent prendre diff\u00e9rentes formes, allant de conf\u00e9rences et ateliers \u00e0 des tables rondes et des rencontres informelles. L&#8217;objectif est de cr\u00e9er un espace o\u00f9 les membres de notre communaut\u00e9 peuvent apprendre, \u00e9changer et se soutenir mutuellement dans leur engagement en faveur de la diversit\u00e9 et de l&#8217;inclusion.<\/p>\n\n\n\n<p>Gr\u00e2ce \u00e0 ces initiatives, nous travaillons activement \u00e0 cr\u00e9er une communaut\u00e9 Hive5 inclusive, o\u00f9 chacun se sent le bienvenu et valoris\u00e9 pour sa diversit\u00e9 et ses contributions uniques.<\/p>\n","protected":false},"excerpt":{"rendered":"<p>Chez Hive5, nous nous engageons fermement en faveur de la diversit\u00e9, de l&#8217;inclusion et du bien-\u00eatre social au sein de notre communaut\u00e9. Pour atteindre cet [&hellip;]<\/p>\n","protected":false},"author":5,"featured_media":0,"comment_status":"closed","ping_status":"closed","template":"","meta":{"_uag_custom_page_level_css":"","site-sidebar-layout":"default","site-content-layout":"","ast-site-content-layout":"default","site-content-style":"default","site-sidebar-style":"default","ast-global-header-display":"","ast-banner-title-visibility":"","ast-main-header-display":"","ast-hfb-above-header-display":"","ast-hfb-below-header-display":"","ast-hfb-mobile-header-display":"","site-post-title":"","ast-breadcrumbs-content":"","ast-featured-img":"","footer-sml-layout":"","ast-disable-related-posts":"","theme-transparent-header-meta":"","adv-header-id-meta":"","stick-header-meta":"","header-above-stick-meta":"","header-main-stick-meta":"","header-below-stick-meta":"","astra-migrate-meta-layouts":"set","ast-page-background-enabled":"default","ast-page-background-meta":{"desktop":{"background-color":"","background-image":"","background-repeat":"repeat","background-position":"center center","background-size":"auto","background-attachment":"scroll","background-type":"","background-media":"","overlay-type":"","overlay-color":"","overlay-opacity":"","overlay-gradient":""},"tablet":{"background-color":"","background-image":"","background-repeat":"repeat","background-position":"center center","background-size":"auto","background-attachment":"scroll","background-type":"","background-media":"","overlay-type":"","overlay-color":"","overlay-opacity":"","overlay-gradient":""},"mobile":{"background-color":"","background-image":"","background-repeat":"repeat","background-position":"center center","background-size":"auto","background-attachment":"scroll","background-type":"","background-media":"","overlay-type":"","overlay-color":"","overlay-opacity":"","overlay-gradient":""}},"ast-content-background-meta":{"desktop":{"background-color":"var(--ast-global-color-5)","background-image":"","background-repeat":"repeat","background-position":"center center","background-size":"auto","background-attachment":"scroll","background-type":"","background-media":"","overlay-type":"","overlay-color":"","overlay-opacity":"","overlay-gradient":""},"tablet":{"background-color":"var(--ast-global-color-5)","background-image":"","background-repeat":"repeat","background-position":"center center","background-size":"auto","background-attachment":"scroll","background-type":"","background-media":"","overlay-type":"","overlay-color":"","overlay-opacity":"","overlay-gradient":""},"mobile":{"background-color":"var(--ast-global-color-5)","background-image":"","background-repeat":"repeat","background-position":"center center","background-size":"auto","background-attachment":"scroll","background-type":"","background-media":"","overlay-type":"","overlay-color":"","overlay-opacity":"","overlay-gradient":""}},"footnotes":""},"kbtopic":[90],"kbtag":[],"class_list":["post-31660","kb","type-kb","status-publish","hentry","kbtopic-engagement-environnemental-et-responsabilite-sociale"],"yoast_head":"<!-- This site is optimized with the Yoast SEO plugin v27.3 - https:\/\/yoast.com\/product\/yoast-seo-wordpress\/ -->\n<title>comment hivE5 s&#039;engage-t-il envers le bien-etre social ? - Hive5<\/title>\n<meta name=\"description\" content=\"D\u00e9couvrez l&#039;engagement de Hive5 en faveur de la diversit\u00e9, de l&#039;inclusion et du bien-\u00eatre social. Des initiatives locales et des \u00e9v\u00e9nements \u00e9ducatifs pour promouvoir une communaut\u00e9 diverse et inclusive.\" \/>\n<meta name=\"robots\" content=\"index, follow, max-snippet:-1, max-image-preview:large, max-video-preview:-1\" \/>\n<link rel=\"canonical\" href=\"https:\/\/www.hive5.be\/nl\/faq-article\/comment-hive5-sengage-t-il-envers-le-bien-etre-social\/\" \/>\n<meta property=\"og:locale\" content=\"nl_NL\" \/>\n<meta property=\"og:type\" content=\"article\" \/>\n<meta property=\"og:title\" content=\"comment hivE5 s&#039;engage-t-il envers le bien-etre social ? - Hive5\" \/>\n<meta property=\"og:description\" content=\"D\u00e9couvrez l&#039;engagement de Hive5 en faveur de la diversit\u00e9, de l&#039;inclusion et du bien-\u00eatre social. Des initiatives locales et des \u00e9v\u00e9nements \u00e9ducatifs pour promouvoir une communaut\u00e9 diverse et inclusive.\" \/>\n<meta property=\"og:url\" content=\"https:\/\/www.hive5.be\/nl\/faq-article\/comment-hive5-sengage-t-il-envers-le-bien-etre-social\/\" \/>\n<meta property=\"og:site_name\" content=\"Hive5\" \/>\n<meta property=\"article:publisher\" content=\"https:\/\/www.facebook.com\/Hive5coworking\/\" \/>\n<meta property=\"article:modified_time\" content=\"2024-04-30T09:05:41+00:00\" \/>\n<meta name=\"twitter:card\" content=\"summary_large_image\" \/>\n<meta name=\"twitter:label1\" content=\"Geschatte leestijd\" \/>\n\t<meta name=\"twitter:data1\" content=\"1 minuut\" \/>\n<script type=\"application\/ld+json\" class=\"yoast-schema-graph\">{\"@context\":\"https:\\\/\\\/schema.org\",\"@graph\":[{\"@type\":\"WebPage\",\"@id\":\"https:\\\/\\\/www.hive5.be\\\/nl\\\/faq-article\\\/comment-hive5-sengage-t-il-envers-le-bien-etre-social\\\/\",\"url\":\"https:\\\/\\\/www.hive5.be\\\/nl\\\/faq-article\\\/comment-hive5-sengage-t-il-envers-le-bien-etre-social\\\/\",\"name\":\"comment hivE5 s'engage-t-il envers le bien-etre social ? - Hive5\",\"isPartOf\":{\"@id\":\"https:\\\/\\\/www.hive5.be\\\/nl\\\/#website\"},\"datePublished\":\"2024-04-30T09:05:38+00:00\",\"dateModified\":\"2024-04-30T09:05:41+00:00\",\"description\":\"D\u00e9couvrez l'engagement de Hive5 en faveur de la diversit\u00e9, de l'inclusion et du bien-\u00eatre social. Des initiatives locales et des \u00e9v\u00e9nements \u00e9ducatifs pour promouvoir une communaut\u00e9 diverse et inclusive.\",\"breadcrumb\":{\"@id\":\"https:\\\/\\\/www.hive5.be\\\/nl\\\/faq-article\\\/comment-hive5-sengage-t-il-envers-le-bien-etre-social\\\/#breadcrumb\"},\"inLanguage\":\"nl-NL\",\"potentialAction\":[{\"@type\":\"ReadAction\",\"target\":[\"https:\\\/\\\/www.hive5.be\\\/nl\\\/faq-article\\\/comment-hive5-sengage-t-il-envers-le-bien-etre-social\\\/\"]}]},{\"@type\":\"BreadcrumbList\",\"@id\":\"https:\\\/\\\/www.hive5.be\\\/nl\\\/faq-article\\\/comment-hive5-sengage-t-il-envers-le-bien-etre-social\\\/#breadcrumb\",\"itemListElement\":[{\"@type\":\"ListItem\",\"position\":1,\"name\":\"Accueil\",\"item\":\"https:\\\/\\\/www.hive5.be\\\/nl\\\/\"},{\"@type\":\"ListItem\",\"position\":2,\"name\":\"KB Articles\",\"item\":\"https:\\\/\\\/www.hive5.be\\\/nl\\\/faq-article\\\/\"},{\"@type\":\"ListItem\",\"position\":3,\"name\":\"comment hivE5 s&rsquo;engage-t-il envers le bien-etre social ?\"}]},{\"@type\":\"WebSite\",\"@id\":\"https:\\\/\\\/www.hive5.be\\\/nl\\\/#website\",\"url\":\"https:\\\/\\\/www.hive5.be\\\/nl\\\/\",\"name\":\"Hive5\",\"description\":\"Hive5 development environment\",\"publisher\":{\"@id\":\"https:\\\/\\\/www.hive5.be\\\/nl\\\/#organization\"},\"potentialAction\":[{\"@type\":\"SearchAction\",\"target\":{\"@type\":\"EntryPoint\",\"urlTemplate\":\"https:\\\/\\\/www.hive5.be\\\/nl\\\/?s={search_term_string}\"},\"query-input\":{\"@type\":\"PropertyValueSpecification\",\"valueRequired\":true,\"valueName\":\"search_term_string\"}}],\"inLanguage\":\"nl-NL\"},{\"@type\":\"Organization\",\"@id\":\"https:\\\/\\\/www.hive5.be\\\/nl\\\/#organization\",\"name\":\"Hive5\",\"url\":\"https:\\\/\\\/www.hive5.be\\\/nl\\\/\",\"logo\":{\"@type\":\"ImageObject\",\"inLanguage\":\"nl-NL\",\"@id\":\"https:\\\/\\\/www.hive5.be\\\/nl\\\/#\\\/schema\\\/logo\\\/image\\\/\",\"url\":\"https:\\\/\\\/www.hive5.be\\\/wp-content\\\/uploads\\\/2020\\\/02\\\/hive5-coworking-brussels-hive-5-logo-succesfull.png\",\"contentUrl\":\"https:\\\/\\\/www.hive5.be\\\/wp-content\\\/uploads\\\/2020\\\/02\\\/hive5-coworking-brussels-hive-5-logo-succesfull.png\",\"width\":300,\"height\":102,\"caption\":\"Hive5\"},\"image\":{\"@id\":\"https:\\\/\\\/www.hive5.be\\\/nl\\\/#\\\/schema\\\/logo\\\/image\\\/\"},\"sameAs\":[\"https:\\\/\\\/www.facebook.com\\\/Hive5coworking\\\/\",\"https:\\\/\\\/www.instagram.com\\\/hive5coworking\\\/\",\"https:\\\/\\\/www.linkedin.com\\\/company\\\/hive5-coworking-brussels\\\/\"]}]}<\/script>\n<!-- \/ Yoast SEO plugin. -->","yoast_head_json":{"title":"comment hivE5 s'engage-t-il envers le bien-etre social ? - Hive5","description":"D\u00e9couvrez l'engagement de Hive5 en faveur de la diversit\u00e9, de l'inclusion et du bien-\u00eatre social. Des initiatives locales et des \u00e9v\u00e9nements \u00e9ducatifs pour promouvoir une communaut\u00e9 diverse et inclusive.","robots":{"index":"index","follow":"follow","max-snippet":"max-snippet:-1","max-image-preview":"max-image-preview:large","max-video-preview":"max-video-preview:-1"},"canonical":"https:\/\/www.hive5.be\/nl\/faq-article\/comment-hive5-sengage-t-il-envers-le-bien-etre-social\/","og_locale":"nl_NL","og_type":"article","og_title":"comment hivE5 s'engage-t-il envers le bien-etre social ? - Hive5","og_description":"D\u00e9couvrez l'engagement de Hive5 en faveur de la diversit\u00e9, de l'inclusion et du bien-\u00eatre social. Des initiatives locales et des \u00e9v\u00e9nements \u00e9ducatifs pour promouvoir une communaut\u00e9 diverse et inclusive.","og_url":"https:\/\/www.hive5.be\/nl\/faq-article\/comment-hive5-sengage-t-il-envers-le-bien-etre-social\/","og_site_name":"Hive5","article_publisher":"https:\/\/www.facebook.com\/Hive5coworking\/","article_modified_time":"2024-04-30T09:05:41+00:00","twitter_card":"summary_large_image","twitter_misc":{"Geschatte leestijd":"1 minuut"},"schema":{"@context":"https:\/\/schema.org","@graph":[{"@type":"WebPage","@id":"https:\/\/www.hive5.be\/nl\/faq-article\/comment-hive5-sengage-t-il-envers-le-bien-etre-social\/","url":"https:\/\/www.hive5.be\/nl\/faq-article\/comment-hive5-sengage-t-il-envers-le-bien-etre-social\/","name":"comment hivE5 s'engage-t-il envers le bien-etre social ? - Hive5","isPartOf":{"@id":"https:\/\/www.hive5.be\/nl\/#website"},"datePublished":"2024-04-30T09:05:38+00:00","dateModified":"2024-04-30T09:05:41+00:00","description":"D\u00e9couvrez l'engagement de Hive5 en faveur de la diversit\u00e9, de l'inclusion et du bien-\u00eatre social. Des initiatives locales et des \u00e9v\u00e9nements \u00e9ducatifs pour promouvoir une communaut\u00e9 diverse et inclusive.","breadcrumb":{"@id":"https:\/\/www.hive5.be\/nl\/faq-article\/comment-hive5-sengage-t-il-envers-le-bien-etre-social\/#breadcrumb"},"inLanguage":"nl-NL","potentialAction":[{"@type":"ReadAction","target":["https:\/\/www.hive5.be\/nl\/faq-article\/comment-hive5-sengage-t-il-envers-le-bien-etre-social\/"]}]},{"@type":"BreadcrumbList","@id":"https:\/\/www.hive5.be\/nl\/faq-article\/comment-hive5-sengage-t-il-envers-le-bien-etre-social\/#breadcrumb","itemListElement":[{"@type":"ListItem","position":1,"name":"Accueil","item":"https:\/\/www.hive5.be\/nl\/"},{"@type":"ListItem","position":2,"name":"KB Articles","item":"https:\/\/www.hive5.be\/nl\/faq-article\/"},{"@type":"ListItem","position":3,"name":"comment hivE5 s&rsquo;engage-t-il envers le bien-etre social ?"}]},{"@type":"WebSite","@id":"https:\/\/www.hive5.be\/nl\/#website","url":"https:\/\/www.hive5.be\/nl\/","name":"Hive5","description":"Hive5 development environment","publisher":{"@id":"https:\/\/www.hive5.be\/nl\/#organization"},"potentialAction":[{"@type":"SearchAction","target":{"@type":"EntryPoint","urlTemplate":"https:\/\/www.hive5.be\/nl\/?s={search_term_string}"},"query-input":{"@type":"PropertyValueSpecification","valueRequired":true,"valueName":"search_term_string"}}],"inLanguage":"nl-NL"},{"@type":"Organization","@id":"https:\/\/www.hive5.be\/nl\/#organization","name":"Hive5","url":"https:\/\/www.hive5.be\/nl\/","logo":{"@type":"ImageObject","inLanguage":"nl-NL","@id":"https:\/\/www.hive5.be\/nl\/#\/schema\/logo\/image\/","url":"https:\/\/www.hive5.be\/wp-content\/uploads\/2020\/02\/hive5-coworking-brussels-hive-5-logo-succesfull.png","contentUrl":"https:\/\/www.hive5.be\/wp-content\/uploads\/2020\/02\/hive5-coworking-brussels-hive-5-logo-succesfull.png","width":300,"height":102,"caption":"Hive5"},"image":{"@id":"https:\/\/www.hive5.be\/nl\/#\/schema\/logo\/image\/"},"sameAs":["https:\/\/www.facebook.com\/Hive5coworking\/","https:\/\/www.instagram.com\/hive5coworking\/","https:\/\/www.linkedin.com\/company\/hive5-coworking-brussels\/"]}]}},"uagb_featured_image_src":{"full":false,"thumbnail":false,"medium":false,"medium_large":false,"large":false,"1536x1536":false,"2048x2048":false},"uagb_author_info":{"display_name":"Queen Bee","author_link":"https:\/\/www.hive5.be\/nl\/author\/queenbee\/"},"uagb_comment_info":0,"uagb_excerpt":"Chez Hive5, nous nous engageons fermement en faveur de la diversit\u00e9, de l&#8217;inclusion et du bien-\u00eatre social au sein de notre communaut\u00e9. Pour atteindre cet [&hellip;]","_links":{"self":[{"href":"https:\/\/www.hive5.be\/nl\/wp-json\/wp\/v2\/kb\/31660","targetHints":{"allow":["GET"]}}],"collection":[{"href":"https:\/\/www.hive5.be\/nl\/wp-json\/wp\/v2\/kb"}],"about":[{"href":"https:\/\/www.hive5.be\/nl\/wp-json\/wp\/v2\/types\/kb"}],"author":[{"embeddable":true,"href":"https:\/\/www.hive5.be\/nl\/wp-json\/wp\/v2\/users\/5"}],"replies":[{"embeddable":true,"href":"https:\/\/www.hive5.be\/nl\/wp-json\/wp\/v2\/comments?post=31660"}],"version-history":[{"count":1,"href":"https:\/\/www.hive5.be\/nl\/wp-json\/wp\/v2\/kb\/31660\/revisions"}],"predecessor-version":[{"id":31661,"href":"https:\/\/www.hive5.be\/nl\/wp-json\/wp\/v2\/kb\/31660\/revisions\/31661"}],"wp:attachment":[{"href":"https:\/\/www.hive5.be\/nl\/wp-json\/wp\/v2\/media?parent=31660"}],"wp:term":[{"taxonomy":"kbtopic","embeddable":true,"href":"https:\/\/www.hive5.be\/nl\/wp-json\/wp\/v2\/kbtopic?post=31660"},{"taxonomy":"kbtag","embeddable":true,"href":"https:\/\/www.hive5.be\/nl\/wp-json\/wp\/v2\/kbtag?post=31660"}],"curies":[{"name":"wp","href":"https:\/\/api.w.org\/{rel}","templated":true}]}}