{"id":31739,"date":"2024-05-07T11:08:37","date_gmt":"2024-05-07T09:08:37","guid":{"rendered":"https:\/\/www.hive5.be\/?post_type=kb&#038;p=31739"},"modified":"2024-05-07T11:08:40","modified_gmt":"2024-05-07T09:08:40","slug":"hive5-envisage-t-il-delargir-ses-initiatives-a-linternational","status":"publish","type":"kb","link":"https:\/\/www.hive5.be\/nl\/faq-article\/hive5-envisage-t-il-delargir-ses-initiatives-a-linternational\/","title":{"rendered":"Hive5 envisage-t-il d&#8217;\u00e9largir ses initiatives \u00e0 l&#8217;international ?"},"content":{"rendered":"\n<p>Hive5 Coworking envisage-t-il d&#8217;\u00e9tendre ses initiatives \u00e0 l&#8217;international ? Cette question suscite un int\u00e9r\u00eat croissant alors que notre communaut\u00e9 continue de grandir. Bien que nous restions concentr\u00e9s sur notre expansion locale, nous ne fermont pas la porte \u00e0 des opportunit\u00e9s \u00e0 l&#8217;international.<\/p>\n\n\n\n<p>Nous croyons fermement en l&#8217;importance de partager nos valeurs et nos pratiques durables au-del\u00e0 de nos fronti\u00e8res actuelles. Cependant, toute expansion n\u00e9cessite une planification minutieuse et une compr\u00e9hension approfondie des march\u00e9s potentiels.<\/p>\n\n\n\n<p>\u00c0 mesure que nous \u00e9valuons les possibilit\u00e9s d&#8217;expansion, nous restons ouverts aux partenariats strat\u00e9giques et aux collaborations internationales qui pourraient renforcer notre impact et notre influence. Notre objectif est de continuer \u00e0 fournir un environnement de travail dynamique et inclusif, o\u00f9 que nos membres se trouvent.<\/p>\n\n\n\n<p>Rejoignez notre communaut\u00e9 chez Hive5 Coworking et restez \u00e0 l&#8217;\u00e9coute des d\u00e9veloppements futurs alors que nous explorons de nouvelles voies pour \u00e9tendre notre impact \u00e0 l&#8217;\u00e9chelle mondiale<\/p>\n","protected":false},"excerpt":{"rendered":"<p>Hive5 Coworking envisage-t-il d&#8217;\u00e9tendre ses initiatives \u00e0 l&#8217;international ? Cette question suscite un int\u00e9r\u00eat croissant alors que notre communaut\u00e9 continue de grandir. Bien que nous [&hellip;]<\/p>\n","protected":false},"author":5,"featured_media":0,"comment_status":"closed","ping_status":"closed","template":"","meta":{"_uag_custom_page_level_css":"","site-sidebar-layout":"default","site-content-layout":"","ast-site-content-layout":"default","site-content-style":"default","site-sidebar-style":"default","ast-global-header-display":"","ast-banner-title-visibility":"","ast-main-header-display":"","ast-hfb-above-header-display":"","ast-hfb-below-header-display":"","ast-hfb-mobile-header-display":"","site-post-title":"","ast-breadcrumbs-content":"","ast-featured-img":"","footer-sml-layout":"","ast-disable-related-posts":"","theme-transparent-header-meta":"","adv-header-id-meta":"","stick-header-meta":"","header-above-stick-meta":"","header-main-stick-meta":"","header-below-stick-meta":"","astra-migrate-meta-layouts":"set","ast-page-background-enabled":"default","ast-page-background-meta":{"desktop":{"background-color":"","background-image":"","background-repeat":"repeat","background-position":"center center","background-size":"auto","background-attachment":"scroll","background-type":"","background-media":"","overlay-type":"","overlay-color":"","overlay-opacity":"","overlay-gradient":""},"tablet":{"background-color":"","background-image":"","background-repeat":"repeat","background-position":"center center","background-size":"auto","background-attachment":"scroll","background-type":"","background-media":"","overlay-type":"","overlay-color":"","overlay-opacity":"","overlay-gradient":""},"mobile":{"background-color":"","background-image":"","background-repeat":"repeat","background-position":"center center","background-size":"auto","background-attachment":"scroll","background-type":"","background-media":"","overlay-type":"","overlay-color":"","overlay-opacity":"","overlay-gradient":""}},"ast-content-background-meta":{"desktop":{"background-color":"var(--ast-global-color-5)","background-image":"","background-repeat":"repeat","background-position":"center center","background-size":"auto","background-attachment":"scroll","background-type":"","background-media":"","overlay-type":"","overlay-color":"","overlay-opacity":"","overlay-gradient":""},"tablet":{"background-color":"var(--ast-global-color-5)","background-image":"","background-repeat":"repeat","background-position":"center center","background-size":"auto","background-attachment":"scroll","background-type":"","background-media":"","overlay-type":"","overlay-color":"","overlay-opacity":"","overlay-gradient":""},"mobile":{"background-color":"var(--ast-global-color-5)","background-image":"","background-repeat":"repeat","background-position":"center center","background-size":"auto","background-attachment":"scroll","background-type":"","background-media":"","overlay-type":"","overlay-color":"","overlay-opacity":"","overlay-gradient":""}},"footnotes":""},"kbtopic":[90],"kbtag":[],"class_list":["post-31739","kb","type-kb","status-publish","hentry","kbtopic-engagement-environnemental-et-responsabilite-sociale"],"yoast_head":"<!-- This site is optimized with the Yoast SEO plugin v27.3 - https:\/\/yoast.com\/product\/yoast-seo-wordpress\/ -->\n<title>Hive5 envisage-t-il d&#039;\u00e9largir ses initiatives \u00e0 l&#039;international ? - Hive5<\/title>\n<meta name=\"description\" content=\"D\u00e9couvrez si Hive5 Coworking envisage d&#039;\u00e9tendre ses initiatives \u00e0 l&#039;international\" \/>\n<meta name=\"robots\" content=\"index, follow, max-snippet:-1, max-image-preview:large, max-video-preview:-1\" \/>\n<link rel=\"canonical\" href=\"https:\/\/www.hive5.be\/nl\/faq-article\/hive5-envisage-t-il-delargir-ses-initiatives-a-linternational\/\" \/>\n<meta property=\"og:locale\" content=\"nl_NL\" \/>\n<meta property=\"og:type\" content=\"article\" \/>\n<meta property=\"og:title\" content=\"Hive5 envisage-t-il d&#039;\u00e9largir ses initiatives \u00e0 l&#039;international ? - Hive5\" \/>\n<meta property=\"og:description\" content=\"D\u00e9couvrez si Hive5 Coworking envisage d&#039;\u00e9tendre ses initiatives \u00e0 l&#039;international\" \/>\n<meta property=\"og:url\" content=\"https:\/\/www.hive5.be\/nl\/faq-article\/hive5-envisage-t-il-delargir-ses-initiatives-a-linternational\/\" \/>\n<meta property=\"og:site_name\" content=\"Hive5\" \/>\n<meta property=\"article:publisher\" content=\"https:\/\/www.facebook.com\/Hive5coworking\/\" \/>\n<meta property=\"article:modified_time\" content=\"2024-05-07T09:08:40+00:00\" \/>\n<meta name=\"twitter:card\" content=\"summary_large_image\" \/>\n<meta name=\"twitter:label1\" content=\"Geschatte leestijd\" \/>\n\t<meta name=\"twitter:data1\" content=\"1 minuut\" \/>\n<script type=\"application\/ld+json\" class=\"yoast-schema-graph\">{\"@context\":\"https:\\\/\\\/schema.org\",\"@graph\":[{\"@type\":\"WebPage\",\"@id\":\"https:\\\/\\\/www.hive5.be\\\/nl\\\/faq-article\\\/hive5-envisage-t-il-delargir-ses-initiatives-a-linternational\\\/\",\"url\":\"https:\\\/\\\/www.hive5.be\\\/nl\\\/faq-article\\\/hive5-envisage-t-il-delargir-ses-initiatives-a-linternational\\\/\",\"name\":\"Hive5 envisage-t-il d'\u00e9largir ses initiatives \u00e0 l'international ? - Hive5\",\"isPartOf\":{\"@id\":\"https:\\\/\\\/www.hive5.be\\\/nl\\\/#website\"},\"datePublished\":\"2024-05-07T09:08:37+00:00\",\"dateModified\":\"2024-05-07T09:08:40+00:00\",\"description\":\"D\u00e9couvrez si Hive5 Coworking envisage d'\u00e9tendre ses initiatives \u00e0 l'international\",\"breadcrumb\":{\"@id\":\"https:\\\/\\\/www.hive5.be\\\/nl\\\/faq-article\\\/hive5-envisage-t-il-delargir-ses-initiatives-a-linternational\\\/#breadcrumb\"},\"inLanguage\":\"nl-NL\",\"potentialAction\":[{\"@type\":\"ReadAction\",\"target\":[\"https:\\\/\\\/www.hive5.be\\\/nl\\\/faq-article\\\/hive5-envisage-t-il-delargir-ses-initiatives-a-linternational\\\/\"]}]},{\"@type\":\"BreadcrumbList\",\"@id\":\"https:\\\/\\\/www.hive5.be\\\/nl\\\/faq-article\\\/hive5-envisage-t-il-delargir-ses-initiatives-a-linternational\\\/#breadcrumb\",\"itemListElement\":[{\"@type\":\"ListItem\",\"position\":1,\"name\":\"Accueil\",\"item\":\"https:\\\/\\\/www.hive5.be\\\/nl\\\/\"},{\"@type\":\"ListItem\",\"position\":2,\"name\":\"KB Articles\",\"item\":\"https:\\\/\\\/www.hive5.be\\\/nl\\\/faq-article\\\/\"},{\"@type\":\"ListItem\",\"position\":3,\"name\":\"Hive5 envisage-t-il d&rsquo;\u00e9largir ses initiatives \u00e0 l&rsquo;international ?\"}]},{\"@type\":\"WebSite\",\"@id\":\"https:\\\/\\\/www.hive5.be\\\/nl\\\/#website\",\"url\":\"https:\\\/\\\/www.hive5.be\\\/nl\\\/\",\"name\":\"Hive5\",\"description\":\"Hive5 development environment\",\"publisher\":{\"@id\":\"https:\\\/\\\/www.hive5.be\\\/nl\\\/#organization\"},\"potentialAction\":[{\"@type\":\"SearchAction\",\"target\":{\"@type\":\"EntryPoint\",\"urlTemplate\":\"https:\\\/\\\/www.hive5.be\\\/nl\\\/?s={search_term_string}\"},\"query-input\":{\"@type\":\"PropertyValueSpecification\",\"valueRequired\":true,\"valueName\":\"search_term_string\"}}],\"inLanguage\":\"nl-NL\"},{\"@type\":\"Organization\",\"@id\":\"https:\\\/\\\/www.hive5.be\\\/nl\\\/#organization\",\"name\":\"Hive5\",\"url\":\"https:\\\/\\\/www.hive5.be\\\/nl\\\/\",\"logo\":{\"@type\":\"ImageObject\",\"inLanguage\":\"nl-NL\",\"@id\":\"https:\\\/\\\/www.hive5.be\\\/nl\\\/#\\\/schema\\\/logo\\\/image\\\/\",\"url\":\"https:\\\/\\\/www.hive5.be\\\/wp-content\\\/uploads\\\/2020\\\/02\\\/hive5-coworking-brussels-hive-5-logo-succesfull.png\",\"contentUrl\":\"https:\\\/\\\/www.hive5.be\\\/wp-content\\\/uploads\\\/2020\\\/02\\\/hive5-coworking-brussels-hive-5-logo-succesfull.png\",\"width\":300,\"height\":102,\"caption\":\"Hive5\"},\"image\":{\"@id\":\"https:\\\/\\\/www.hive5.be\\\/nl\\\/#\\\/schema\\\/logo\\\/image\\\/\"},\"sameAs\":[\"https:\\\/\\\/www.facebook.com\\\/Hive5coworking\\\/\",\"https:\\\/\\\/www.instagram.com\\\/hive5coworking\\\/\",\"https:\\\/\\\/www.linkedin.com\\\/company\\\/hive5-coworking-brussels\\\/\"]}]}<\/script>\n<!-- \/ Yoast SEO plugin. -->","yoast_head_json":{"title":"Hive5 envisage-t-il d'\u00e9largir ses initiatives \u00e0 l'international ? - Hive5","description":"D\u00e9couvrez si Hive5 Coworking envisage d'\u00e9tendre ses initiatives \u00e0 l'international","robots":{"index":"index","follow":"follow","max-snippet":"max-snippet:-1","max-image-preview":"max-image-preview:large","max-video-preview":"max-video-preview:-1"},"canonical":"https:\/\/www.hive5.be\/nl\/faq-article\/hive5-envisage-t-il-delargir-ses-initiatives-a-linternational\/","og_locale":"nl_NL","og_type":"article","og_title":"Hive5 envisage-t-il d'\u00e9largir ses initiatives \u00e0 l'international ? - Hive5","og_description":"D\u00e9couvrez si Hive5 Coworking envisage d'\u00e9tendre ses initiatives \u00e0 l'international","og_url":"https:\/\/www.hive5.be\/nl\/faq-article\/hive5-envisage-t-il-delargir-ses-initiatives-a-linternational\/","og_site_name":"Hive5","article_publisher":"https:\/\/www.facebook.com\/Hive5coworking\/","article_modified_time":"2024-05-07T09:08:40+00:00","twitter_card":"summary_large_image","twitter_misc":{"Geschatte leestijd":"1 minuut"},"schema":{"@context":"https:\/\/schema.org","@graph":[{"@type":"WebPage","@id":"https:\/\/www.hive5.be\/nl\/faq-article\/hive5-envisage-t-il-delargir-ses-initiatives-a-linternational\/","url":"https:\/\/www.hive5.be\/nl\/faq-article\/hive5-envisage-t-il-delargir-ses-initiatives-a-linternational\/","name":"Hive5 envisage-t-il d'\u00e9largir ses initiatives \u00e0 l'international ? - Hive5","isPartOf":{"@id":"https:\/\/www.hive5.be\/nl\/#website"},"datePublished":"2024-05-07T09:08:37+00:00","dateModified":"2024-05-07T09:08:40+00:00","description":"D\u00e9couvrez si Hive5 Coworking envisage d'\u00e9tendre ses initiatives \u00e0 l'international","breadcrumb":{"@id":"https:\/\/www.hive5.be\/nl\/faq-article\/hive5-envisage-t-il-delargir-ses-initiatives-a-linternational\/#breadcrumb"},"inLanguage":"nl-NL","potentialAction":[{"@type":"ReadAction","target":["https:\/\/www.hive5.be\/nl\/faq-article\/hive5-envisage-t-il-delargir-ses-initiatives-a-linternational\/"]}]},{"@type":"BreadcrumbList","@id":"https:\/\/www.hive5.be\/nl\/faq-article\/hive5-envisage-t-il-delargir-ses-initiatives-a-linternational\/#breadcrumb","itemListElement":[{"@type":"ListItem","position":1,"name":"Accueil","item":"https:\/\/www.hive5.be\/nl\/"},{"@type":"ListItem","position":2,"name":"KB Articles","item":"https:\/\/www.hive5.be\/nl\/faq-article\/"},{"@type":"ListItem","position":3,"name":"Hive5 envisage-t-il d&rsquo;\u00e9largir ses initiatives \u00e0 l&rsquo;international ?"}]},{"@type":"WebSite","@id":"https:\/\/www.hive5.be\/nl\/#website","url":"https:\/\/www.hive5.be\/nl\/","name":"Hive5","description":"Hive5 development environment","publisher":{"@id":"https:\/\/www.hive5.be\/nl\/#organization"},"potentialAction":[{"@type":"SearchAction","target":{"@type":"EntryPoint","urlTemplate":"https:\/\/www.hive5.be\/nl\/?s={search_term_string}"},"query-input":{"@type":"PropertyValueSpecification","valueRequired":true,"valueName":"search_term_string"}}],"inLanguage":"nl-NL"},{"@type":"Organization","@id":"https:\/\/www.hive5.be\/nl\/#organization","name":"Hive5","url":"https:\/\/www.hive5.be\/nl\/","logo":{"@type":"ImageObject","inLanguage":"nl-NL","@id":"https:\/\/www.hive5.be\/nl\/#\/schema\/logo\/image\/","url":"https:\/\/www.hive5.be\/wp-content\/uploads\/2020\/02\/hive5-coworking-brussels-hive-5-logo-succesfull.png","contentUrl":"https:\/\/www.hive5.be\/wp-content\/uploads\/2020\/02\/hive5-coworking-brussels-hive-5-logo-succesfull.png","width":300,"height":102,"caption":"Hive5"},"image":{"@id":"https:\/\/www.hive5.be\/nl\/#\/schema\/logo\/image\/"},"sameAs":["https:\/\/www.facebook.com\/Hive5coworking\/","https:\/\/www.instagram.com\/hive5coworking\/","https:\/\/www.linkedin.com\/company\/hive5-coworking-brussels\/"]}]}},"uagb_featured_image_src":{"full":false,"thumbnail":false,"medium":false,"medium_large":false,"large":false,"1536x1536":false,"2048x2048":false},"uagb_author_info":{"display_name":"Queen Bee","author_link":"https:\/\/www.hive5.be\/nl\/author\/queenbee\/"},"uagb_comment_info":0,"uagb_excerpt":"Hive5 Coworking envisage-t-il d&#8217;\u00e9tendre ses initiatives \u00e0 l&#8217;international ? Cette question suscite un int\u00e9r\u00eat croissant alors que notre communaut\u00e9 continue de grandir. Bien que nous [&hellip;]","_links":{"self":[{"href":"https:\/\/www.hive5.be\/nl\/wp-json\/wp\/v2\/kb\/31739","targetHints":{"allow":["GET"]}}],"collection":[{"href":"https:\/\/www.hive5.be\/nl\/wp-json\/wp\/v2\/kb"}],"about":[{"href":"https:\/\/www.hive5.be\/nl\/wp-json\/wp\/v2\/types\/kb"}],"author":[{"embeddable":true,"href":"https:\/\/www.hive5.be\/nl\/wp-json\/wp\/v2\/users\/5"}],"replies":[{"embeddable":true,"href":"https:\/\/www.hive5.be\/nl\/wp-json\/wp\/v2\/comments?post=31739"}],"version-history":[{"count":1,"href":"https:\/\/www.hive5.be\/nl\/wp-json\/wp\/v2\/kb\/31739\/revisions"}],"predecessor-version":[{"id":31740,"href":"https:\/\/www.hive5.be\/nl\/wp-json\/wp\/v2\/kb\/31739\/revisions\/31740"}],"wp:attachment":[{"href":"https:\/\/www.hive5.be\/nl\/wp-json\/wp\/v2\/media?parent=31739"}],"wp:term":[{"taxonomy":"kbtopic","embeddable":true,"href":"https:\/\/www.hive5.be\/nl\/wp-json\/wp\/v2\/kbtopic?post=31739"},{"taxonomy":"kbtag","embeddable":true,"href":"https:\/\/www.hive5.be\/nl\/wp-json\/wp\/v2\/kbtag?post=31739"}],"curies":[{"name":"wp","href":"https:\/\/api.w.org\/{rel}","templated":true}]}}